{"id":92,"date":"2021-07-01T17:21:14","date_gmt":"2021-07-01T15:21:14","guid":{"rendered":"https:\/\/camping-daon.fr\/?page_id=92"},"modified":"2026-02-05T14:29:55","modified_gmt":"2026-02-05T13:29:55","slug":"reserver-2","status":"publish","type":"page","link":"http:\/\/camping-daon.fr\/index.php\/reserver-2\/","title":{"rendered":"R\u00c9SERVER"},"content":{"rendered":"\n<h2 class=\"wp-block-heading\"><mark style=\"background-color:rgba(0, 0, 0, 0);color:#8124e4\" class=\"has-inline-color\">R\u00e9servez votre chalet ou votre emplacement au Camping des Rivi\u00e8res***<\/mark><\/h2>\n\n\n\n<div class=\"wp-block-group\"><div class=\"wp-block-group__inner-container is-layout-constrained wp-block-group-is-layout-constrained\">\n<p class=\"has-medium-font-size\">Que vous ayez choisi de s\u00e9journer en<span style=\"color:#8124e4\" class=\"has-inline-color\"> chalet <\/span>ou sur un <span style=\"color:#8124e4\" class=\"has-inline-color\">emplacement<\/span>, nous vous invitons \u00e0<span class=\"has-inline-color has-luminous-vivid-orange-color\"> <\/span><span style=\"color:#8124e4\" class=\"has-inline-color\">r\u00e9server en ligne<\/span> en cliquant sur le bouton r\u00e9server ci-dessous :<\/p>\n\n\n\n<p class=\"has-medium-font-size\"><strong><mark style=\"background-color:rgba(0, 0, 0, 0)\" class=\"has-inline-color has-vivid-purple-color\">Attention, pour votre information, nous n&#8217;avons plus de locations, ni d&#8217;emplacements pour la semaine f\u00e9d\u00e9rale du cyclotourisme 2026.<\/mark><\/strong><\/p>\n<\/div><\/div>\n\n\n\n<div class=\"wp-block-buttons is-horizontal is-content-justification-center is-layout-flex wp-container-core-buttons-is-layout-1 wp-block-buttons-is-layout-flex\">\n<div class=\"wp-block-button has-custom-width wp-block-button__width-25 is-style-outline is-style-outline--1\"><a class=\"wp-block-button__link has-black-color has-vivid-purple-background-color has-text-color has-background wp-element-button\" href=\"https:\/\/naxiresa.inaxel.com\/etape1-criteres.php?compte=rivieres53\" target=\"_blank\" rel=\"noreferrer noopener\"><strong>R\u00c9SERVER<\/strong><\/a><\/div>\n<\/div>\n\n\n\n<p><\/p>\n\n\n\n<p class=\"has-medium-font-size\">Vous pouvez \u00e9galement nous contacter directement. Pour ce faire, rendez-vous \u00e0 la page <strong><span style=\"color:#8124e4\" class=\"has-inline-color\"><a data-type=\"URL\" href=\"https:\/\/camping-chateau-gontier.fr\/index.php\/contact-2\/\">&#8220;<\/a><\/span><\/strong><a data-type=\"URL\" data-id=\"https:\/\/camping-daon.fr\/index.php\/contact\/\" href=\"https:\/\/camping-daon.fr\/index.php\/contact\/\"><span style=\"color:#8124e4\" class=\"has-inline-color\"><strong>Contact&#8221;<\/strong> <\/span><\/a>de notre site : <span style=\"color:#8124e4\" class=\"has-inline-color\"><a data-type=\"URL\" data-id=\"https:\/\/camping-daon.fr\/index.php\/contact\/\" href=\"https:\/\/camping-daon.fr\/index.php\/contact\/\"><strong>CLIQUEZ ICI<\/strong> <\/a><\/span> ou au 06.78.09.84.35 pour les autres modes de r\u00e8glement.<\/p>\n\n\n\n<hr class=\"wp-block-separator has-css-opacity\"\/>\n\n\n\n<div class=\"wp-block-group is-layout-grid wp-container-core-group-is-layout-2 wp-block-group-is-layout-grid\">\n<figure class=\"wp-block-image size-full\"><img decoding=\"async\" width=\"186\" height=\"69\" data-src=\"https:\/\/camping-daon.fr\/wp-content\/uploads\/2026\/01\/ancv.jpg\" alt=\"\" class=\"wp-image-908 lazyload\" src=\"data:image\/svg+xml;base64,PHN2ZyB3aWR0aD0iMSIgaGVpZ2h0PSIxIiB4bWxucz0iaHR0cDovL3d3dy53My5vcmcvMjAwMC9zdmciPjwvc3ZnPg==\" style=\"--smush-placeholder-width: 186px; --smush-placeholder-aspect-ratio: 186\/69;\" \/><\/figure>\n\n\n\n<p class=\"has-text-align-center has-vivid-red-color has-text-color has-link-color has-medium-font-size wp-elements-2d0eed362874fae9a01a9025f87e6e6b\">Ch\u00e8que<\/p>\n\n\n\n<p class=\"has-text-align-center has-vivid-red-color has-text-color has-link-color has-medium-font-size wp-elements-c5b185e8ef2217366bbcd2aef4e7b74e\">Virement<\/p>\n\n\n\n<figure class=\"wp-block-gallery has-nested-images columns-default is-cropped wp-block-gallery-2 is-layout-flex wp-block-gallery-is-layout-flex\"><div class=\"wp-block-image\">\n<figure class=\"aligncenter size-full\"><img decoding=\"async\" width=\"116\" height=\"106\" data-src=\"https:\/\/camping-daon.fr\/wp-content\/uploads\/2026\/01\/Logo-ANCV-Connect-Petit-2.jpg\" alt=\"\" class=\"wp-image-911 lazyload\" src=\"data:image\/svg+xml;base64,PHN2ZyB3aWR0aD0iMSIgaGVpZ2h0PSIxIiB4bWxucz0iaHR0cDovL3d3dy53My5vcmcvMjAwMC9zdmciPjwvc3ZnPg==\" style=\"--smush-placeholder-width: 116px; --smush-placeholder-aspect-ratio: 116\/106;\" \/><\/figure><\/div><\/figure>\n<\/div>\n\n\n\n<p><\/p>\n\n\n\n<p><\/p>\n\n\n\n<p style=\"text-align:center\"><iframe style=\"width: 500px; height: 590px; overflow: hidden;\" data-src=\"\/\/www.facebook.com\/plugins\/likebox.php?href=https%3A%2F%2Fwww.facebook.com%2Fpages%2FCamping-des-Rivi%25C3%25A8res%2F114946232015582%3Ffref%3Dts&amp;width=500&amp;height=590&amp;colorscheme=light&amp;show_faces=true&amp;header=true&amp;stream=true&amp;show_border=true\" scrolling=\"no\" width=\"320\" height=\"240\" frameborder=\"0\" src=\"data:image\/svg+xml;base64,PHN2ZyB3aWR0aD0iMSIgaGVpZ2h0PSIxIiB4bWxucz0iaHR0cDovL3d3dy53My5vcmcvMjAwMC9zdmciPjwvc3ZnPg==\" class=\"lazyload\" data-load-mode=\"1\"><\/iframe><\/p>\n\n\n\n<p><\/p>\n","protected":false},"excerpt":{"rendered":"<p>R\u00e9servez votre chalet ou votre emplacement au Camping des Rivi\u00e8res*** Que vous ayez choisi de s\u00e9journer en chalet ou sur un emplacement, nous vous invitons \u00e0 r\u00e9server en ligne en cliquant sur le bouton r\u00e9server ci-dessous : Attention, pour votre information, nous n&#8217;avons plus de locations, ni d&#8217;emplacements pour la semaine f\u00e9d\u00e9rale du cyclotourisme 2026. [&hellip;]<\/p>\n","protected":false},"author":1,"featured_media":0,"parent":0,"menu_order":0,"comment_status":"closed","ping_status":"closed","template":"","meta":{"footnotes":""},"class_list":["post-92","page","type-page","status-publish","hentry","entry"],"yoast_head":"<!-- This site is optimized with the Yoast SEO plugin v26.8 - https:\/\/yoast.com\/product\/yoast-seo-wordpress\/ -->\n<title>R\u00c9SERVER - Camping des Rivi\u00e8res de Daon<\/title>\n<meta name=\"robots\" content=\"index, follow, max-snippet:-1, max-image-preview:large, max-video-preview:-1\" \/>\n<link rel=\"canonical\" href=\"http:\/\/camping-daon.fr\/index.php\/reserver-2\/\" \/>\n<meta property=\"og:locale\" content=\"fr_FR\" \/>\n<meta property=\"og:type\" content=\"article\" \/>\n<meta property=\"og:title\" content=\"R\u00c9SERVER - Camping des Rivi\u00e8res de Daon\" \/>\n<meta property=\"og:description\" content=\"R\u00e9servez votre chalet ou votre emplacement au Camping des Rivi\u00e8res*** Que vous ayez choisi de s\u00e9journer en chalet ou sur un emplacement, nous vous invitons \u00e0 r\u00e9server en ligne en cliquant sur le bouton r\u00e9server ci-dessous : Attention, pour votre information, nous n&#8217;avons plus de locations, ni d&#8217;emplacements pour la semaine f\u00e9d\u00e9rale du cyclotourisme 2026. [&hellip;]\" \/>\n<meta property=\"og:url\" content=\"http:\/\/camping-daon.fr\/index.php\/reserver-2\/\" \/>\n<meta property=\"og:site_name\" content=\"Camping des Rivi\u00e8res de Daon\" \/>\n<meta property=\"article:publisher\" content=\"https:\/\/www.facebook.com\/Camping-des-Rivires-Daon--114946232015582\" \/>\n<meta property=\"article:modified_time\" content=\"2026-02-05T13:29:55+00:00\" \/>\n<meta property=\"og:image\" content=\"https:\/\/camping-daon.fr\/wp-content\/uploads\/2026\/01\/ancv.jpg\" \/>\n<meta name=\"twitter:card\" content=\"summary_large_image\" \/>\n<meta name=\"twitter:label1\" content=\"Dur\u00e9e de lecture estim\u00e9e\" \/>\n\t<meta name=\"twitter:data1\" content=\"1 minute\" \/>\n<script type=\"application\/ld+json\" class=\"yoast-schema-graph\">{\"@context\":\"https:\/\/schema.org\",\"@graph\":[{\"@type\":\"WebPage\",\"@id\":\"http:\/\/camping-daon.fr\/index.php\/reserver-2\/\",\"url\":\"http:\/\/camping-daon.fr\/index.php\/reserver-2\/\",\"name\":\"R\u00c9SERVER - Camping des Rivi\u00e8res de Daon\",\"isPartOf\":{\"@id\":\"https:\/\/camping-daon.fr\/#website\"},\"primaryImageOfPage\":{\"@id\":\"http:\/\/camping-daon.fr\/index.php\/reserver-2\/#primaryimage\"},\"image\":{\"@id\":\"http:\/\/camping-daon.fr\/index.php\/reserver-2\/#primaryimage\"},\"thumbnailUrl\":\"https:\/\/camping-daon.fr\/wp-content\/uploads\/2026\/01\/ancv.jpg\",\"datePublished\":\"2021-07-01T15:21:14+00:00\",\"dateModified\":\"2026-02-05T13:29:55+00:00\",\"breadcrumb\":{\"@id\":\"http:\/\/camping-daon.fr\/index.php\/reserver-2\/#breadcrumb\"},\"inLanguage\":\"fr-FR\",\"potentialAction\":[{\"@type\":\"ReadAction\",\"target\":[\"http:\/\/camping-daon.fr\/index.php\/reserver-2\/\"]}]},{\"@type\":\"ImageObject\",\"inLanguage\":\"fr-FR\",\"@id\":\"http:\/\/camping-daon.fr\/index.php\/reserver-2\/#primaryimage\",\"url\":\"http:\/\/camping-daon.fr\/wp-content\/uploads\/2026\/01\/ancv.jpg\",\"contentUrl\":\"http:\/\/camping-daon.fr\/wp-content\/uploads\/2026\/01\/ancv.jpg\",\"width\":186,\"height\":69},{\"@type\":\"BreadcrumbList\",\"@id\":\"http:\/\/camping-daon.fr\/index.php\/reserver-2\/#breadcrumb\",\"itemListElement\":[{\"@type\":\"ListItem\",\"position\":1,\"name\":\"Accueil\",\"item\":\"https:\/\/camping-daon.fr\/\"},{\"@type\":\"ListItem\",\"position\":2,\"name\":\"R\u00c9SERVER\"}]},{\"@type\":\"WebSite\",\"@id\":\"https:\/\/camping-daon.fr\/#website\",\"url\":\"https:\/\/camping-daon.fr\/\",\"name\":\"Camping des Rivi\u00e8res de Daon\",\"description\":\"Bienvenue au Camping des Rivi\u00e8res\",\"publisher\":{\"@id\":\"https:\/\/camping-daon.fr\/#organization\"},\"potentialAction\":[{\"@type\":\"SearchAction\",\"target\":{\"@type\":\"EntryPoint\",\"urlTemplate\":\"https:\/\/camping-daon.fr\/?s={search_term_string}\"},\"query-input\":{\"@type\":\"PropertyValueSpecification\",\"valueRequired\":true,\"valueName\":\"search_term_string\"}}],\"inLanguage\":\"fr-FR\"},{\"@type\":\"Organization\",\"@id\":\"https:\/\/camping-daon.fr\/#organization\",\"name\":\"Communaut\u00e9 de Communes du Pays de Ch\u00e2teau-Gontier\",\"url\":\"https:\/\/camping-daon.fr\/\",\"logo\":{\"@type\":\"ImageObject\",\"inLanguage\":\"fr-FR\",\"@id\":\"https:\/\/camping-daon.fr\/#\/schema\/logo\/image\/\",\"url\":\"https:\/\/camping-daon.fr\/wp-content\/uploads\/2021\/06\/cropped-cropped-logo02.jpg\",\"contentUrl\":\"https:\/\/camping-daon.fr\/wp-content\/uploads\/2021\/06\/cropped-cropped-logo02.jpg\",\"width\":512,\"height\":512,\"caption\":\"Communaut\u00e9 de Communes du Pays de Ch\u00e2teau-Gontier\"},\"image\":{\"@id\":\"https:\/\/camping-daon.fr\/#\/schema\/logo\/image\/\"},\"sameAs\":[\"https:\/\/www.facebook.com\/Camping-des-Rivires-Daon--114946232015582\"]}]}<\/script>\n<!-- \/ Yoast SEO plugin. -->","yoast_head_json":{"title":"R\u00c9SERVER - Camping des Rivi\u00e8res de Daon","robots":{"index":"index","follow":"follow","max-snippet":"max-snippet:-1","max-image-preview":"max-image-preview:large","max-video-preview":"max-video-preview:-1"},"canonical":"http:\/\/camping-daon.fr\/index.php\/reserver-2\/","og_locale":"fr_FR","og_type":"article","og_title":"R\u00c9SERVER - Camping des Rivi\u00e8res de Daon","og_description":"R\u00e9servez votre chalet ou votre emplacement au Camping des Rivi\u00e8res*** Que vous ayez choisi de s\u00e9journer en chalet ou sur un emplacement, nous vous invitons \u00e0 r\u00e9server en ligne en cliquant sur le bouton r\u00e9server ci-dessous : Attention, pour votre information, nous n&#8217;avons plus de locations, ni d&#8217;emplacements pour la semaine f\u00e9d\u00e9rale du cyclotourisme 2026. [&hellip;]","og_url":"http:\/\/camping-daon.fr\/index.php\/reserver-2\/","og_site_name":"Camping des Rivi\u00e8res de Daon","article_publisher":"https:\/\/www.facebook.com\/Camping-des-Rivires-Daon--114946232015582","article_modified_time":"2026-02-05T13:29:55+00:00","og_image":[{"url":"https:\/\/camping-daon.fr\/wp-content\/uploads\/2026\/01\/ancv.jpg","type":"","width":"","height":""}],"twitter_card":"summary_large_image","twitter_misc":{"Dur\u00e9e de lecture estim\u00e9e":"1 minute"},"schema":{"@context":"https:\/\/schema.org","@graph":[{"@type":"WebPage","@id":"http:\/\/camping-daon.fr\/index.php\/reserver-2\/","url":"http:\/\/camping-daon.fr\/index.php\/reserver-2\/","name":"R\u00c9SERVER - Camping des Rivi\u00e8res de Daon","isPartOf":{"@id":"https:\/\/camping-daon.fr\/#website"},"primaryImageOfPage":{"@id":"http:\/\/camping-daon.fr\/index.php\/reserver-2\/#primaryimage"},"image":{"@id":"http:\/\/camping-daon.fr\/index.php\/reserver-2\/#primaryimage"},"thumbnailUrl":"https:\/\/camping-daon.fr\/wp-content\/uploads\/2026\/01\/ancv.jpg","datePublished":"2021-07-01T15:21:14+00:00","dateModified":"2026-02-05T13:29:55+00:00","breadcrumb":{"@id":"http:\/\/camping-daon.fr\/index.php\/reserver-2\/#breadcrumb"},"inLanguage":"fr-FR","potentialAction":[{"@type":"ReadAction","target":["http:\/\/camping-daon.fr\/index.php\/reserver-2\/"]}]},{"@type":"ImageObject","inLanguage":"fr-FR","@id":"http:\/\/camping-daon.fr\/index.php\/reserver-2\/#primaryimage","url":"http:\/\/camping-daon.fr\/wp-content\/uploads\/2026\/01\/ancv.jpg","contentUrl":"http:\/\/camping-daon.fr\/wp-content\/uploads\/2026\/01\/ancv.jpg","width":186,"height":69},{"@type":"BreadcrumbList","@id":"http:\/\/camping-daon.fr\/index.php\/reserver-2\/#breadcrumb","itemListElement":[{"@type":"ListItem","position":1,"name":"Accueil","item":"https:\/\/camping-daon.fr\/"},{"@type":"ListItem","position":2,"name":"R\u00c9SERVER"}]},{"@type":"WebSite","@id":"https:\/\/camping-daon.fr\/#website","url":"https:\/\/camping-daon.fr\/","name":"Camping des Rivi\u00e8res de Daon","description":"Bienvenue au Camping des Rivi\u00e8res","publisher":{"@id":"https:\/\/camping-daon.fr\/#organization"},"potentialAction":[{"@type":"SearchAction","target":{"@type":"EntryPoint","urlTemplate":"https:\/\/camping-daon.fr\/?s={search_term_string}"},"query-input":{"@type":"PropertyValueSpecification","valueRequired":true,"valueName":"search_term_string"}}],"inLanguage":"fr-FR"},{"@type":"Organization","@id":"https:\/\/camping-daon.fr\/#organization","name":"Communaut\u00e9 de Communes du Pays de Ch\u00e2teau-Gontier","url":"https:\/\/camping-daon.fr\/","logo":{"@type":"ImageObject","inLanguage":"fr-FR","@id":"https:\/\/camping-daon.fr\/#\/schema\/logo\/image\/","url":"https:\/\/camping-daon.fr\/wp-content\/uploads\/2021\/06\/cropped-cropped-logo02.jpg","contentUrl":"https:\/\/camping-daon.fr\/wp-content\/uploads\/2021\/06\/cropped-cropped-logo02.jpg","width":512,"height":512,"caption":"Communaut\u00e9 de Communes du Pays de Ch\u00e2teau-Gontier"},"image":{"@id":"https:\/\/camping-daon.fr\/#\/schema\/logo\/image\/"},"sameAs":["https:\/\/www.facebook.com\/Camping-des-Rivires-Daon--114946232015582"]}]}},"_links":{"self":[{"href":"http:\/\/camping-daon.fr\/index.php\/wp-json\/wp\/v2\/pages\/92","targetHints":{"allow":["GET"]}}],"collection":[{"href":"http:\/\/camping-daon.fr\/index.php\/wp-json\/wp\/v2\/pages"}],"about":[{"href":"http:\/\/camping-daon.fr\/index.php\/wp-json\/wp\/v2\/types\/page"}],"author":[{"embeddable":true,"href":"http:\/\/camping-daon.fr\/index.php\/wp-json\/wp\/v2\/users\/1"}],"replies":[{"embeddable":true,"href":"http:\/\/camping-daon.fr\/index.php\/wp-json\/wp\/v2\/comments?post=92"}],"version-history":[{"count":17,"href":"http:\/\/camping-daon.fr\/index.php\/wp-json\/wp\/v2\/pages\/92\/revisions"}],"predecessor-version":[{"id":925,"href":"http:\/\/camping-daon.fr\/index.php\/wp-json\/wp\/v2\/pages\/92\/revisions\/925"}],"wp:attachment":[{"href":"http:\/\/camping-daon.fr\/index.php\/wp-json\/wp\/v2\/media?parent=92"}],"curies":[{"name":"wp","href":"https:\/\/api.w.org\/{rel}","templated":true}]}}