{"id":20,"date":"2021-06-29T13:52:31","date_gmt":"2021-06-29T11:52:31","guid":{"rendered":"http:\/\/camping-daon.fr\/?page_id=20"},"modified":"2025-12-06T15:29:38","modified_gmt":"2025-12-06T14:29:38","slug":"presentation-des-chalets","status":"publish","type":"page","link":"http:\/\/camping-daon.fr\/index.php\/presentation-des-chalets\/","title":{"rendered":"Pr\u00e9sentation des chalets"},"content":{"rendered":"\n<figure class=\"wp-block-gallery has-nested-images columns-default is-cropped wp-block-gallery-1 is-layout-flex wp-block-gallery-is-layout-flex\">\n<figure class=\"wp-block-image size-large\"><img decoding=\"async\" width=\"1000\" height=\"665\" data-id=\"439\" data-src=\"http:\/\/camping-daon.fr\/wp-content\/uploads\/2021\/10\/camping-du-parc-france-weekend.jpg\" alt=\"\" class=\"wp-image-439 lazyload\" data-srcset=\"http:\/\/camping-daon.fr\/wp-content\/uploads\/2021\/10\/camping-du-parc-france-weekend.jpg 1000w, http:\/\/camping-daon.fr\/wp-content\/uploads\/2021\/10\/camping-du-parc-france-weekend-300x200.jpg 300w, http:\/\/camping-daon.fr\/wp-content\/uploads\/2021\/10\/camping-du-parc-france-weekend-768x511.jpg 768w\" data-sizes=\"(max-width: 1000px) 100vw, 1000px\" src=\"data:image\/svg+xml;base64,PHN2ZyB3aWR0aD0iMSIgaGVpZ2h0PSIxIiB4bWxucz0iaHR0cDovL3d3dy53My5vcmcvMjAwMC9zdmciPjwvc3ZnPg==\" style=\"--smush-placeholder-width: 1000px; --smush-placeholder-aspect-ratio: 1000\/665;\" \/><\/figure>\n\n\n\n<figure class=\"wp-block-image size-large\"><img decoding=\"async\" width=\"1024\" height=\"768\" data-id=\"767\" data-src=\"https:\/\/camping-daon.fr\/wp-content\/uploads\/2022\/10\/chalet-1024x768.jpg\" alt=\"\" class=\"wp-image-767 lazyload\" data-srcset=\"http:\/\/camping-daon.fr\/wp-content\/uploads\/2022\/10\/chalet-1024x768.jpg 1024w, http:\/\/camping-daon.fr\/wp-content\/uploads\/2022\/10\/chalet-300x225.jpg 300w, http:\/\/camping-daon.fr\/wp-content\/uploads\/2022\/10\/chalet-768x576.jpg 768w, http:\/\/camping-daon.fr\/wp-content\/uploads\/2022\/10\/chalet-1536x1152.jpg 1536w, http:\/\/camping-daon.fr\/wp-content\/uploads\/2022\/10\/chalet-2048x1536.jpg 2048w\" data-sizes=\"(max-width: 1024px) 100vw, 1024px\" src=\"data:image\/svg+xml;base64,PHN2ZyB3aWR0aD0iMSIgaGVpZ2h0PSIxIiB4bWxucz0iaHR0cDovL3d3dy53My5vcmcvMjAwMC9zdmciPjwvc3ZnPg==\" style=\"--smush-placeholder-width: 1024px; --smush-placeholder-aspect-ratio: 1024\/768;\" \/><\/figure>\n\n\n\n<figure class=\"wp-block-image size-large\"><img decoding=\"async\" width=\"2560\" height=\"1703\" data-id=\"438\" data-src=\"http:\/\/camping-daon.fr\/wp-content\/uploads\/2021\/10\/camping-du-parc-cdt53-sudmayenne-jdo-billaud-nautilus-2011-36-scaled.jpg\" alt=\"\" class=\"wp-image-438 lazyload\" data-srcset=\"http:\/\/camping-daon.fr\/wp-content\/uploads\/2021\/10\/camping-du-parc-cdt53-sudmayenne-jdo-billaud-nautilus-2011-36-scaled.jpg 2560w, http:\/\/camping-daon.fr\/wp-content\/uploads\/2021\/10\/camping-du-parc-cdt53-sudmayenne-jdo-billaud-nautilus-2011-36-300x200.jpg 300w, http:\/\/camping-daon.fr\/wp-content\/uploads\/2021\/10\/camping-du-parc-cdt53-sudmayenne-jdo-billaud-nautilus-2011-36-1024x681.jpg 1024w, http:\/\/camping-daon.fr\/wp-content\/uploads\/2021\/10\/camping-du-parc-cdt53-sudmayenne-jdo-billaud-nautilus-2011-36-768x511.jpg 768w, http:\/\/camping-daon.fr\/wp-content\/uploads\/2021\/10\/camping-du-parc-cdt53-sudmayenne-jdo-billaud-nautilus-2011-36-1536x1022.jpg 1536w, http:\/\/camping-daon.fr\/wp-content\/uploads\/2021\/10\/camping-du-parc-cdt53-sudmayenne-jdo-billaud-nautilus-2011-36-2048x1363.jpg 2048w\" data-sizes=\"(max-width: 2560px) 100vw, 2560px\" src=\"data:image\/svg+xml;base64,PHN2ZyB3aWR0aD0iMSIgaGVpZ2h0PSIxIiB4bWxucz0iaHR0cDovL3d3dy53My5vcmcvMjAwMC9zdmciPjwvc3ZnPg==\" style=\"--smush-placeholder-width: 2560px; --smush-placeholder-aspect-ratio: 2560\/1703;\" \/><\/figure>\n<\/figure>\n\n\n\n<div style=\"height:100px\" aria-hidden=\"true\" class=\"wp-block-spacer\"><\/div>\n\n\n\n<h2 class=\"wp-block-heading has-text-align-center\"><mark style=\"background-color:rgba(0, 0, 0, 0)\" class=\"has-inline-color has-vivid-purple-color\">10 Chalets tout \u00e9quip\u00e9s<\/mark><\/h2>\n\n\n\n<hr class=\"wp-block-separator has-alpha-channel-opacity\"\/>\n\n\n\n<div class=\"wp-block-columns is-layout-flex wp-container-core-columns-is-layout-2 wp-block-columns-is-layout-flex\">\n<div class=\"wp-block-column is-layout-flow wp-block-column-is-layout-flow\" style=\"flex-basis:100%\">\n<div class=\"wp-block-group\"><div class=\"wp-block-group__inner-container is-layout-flow wp-block-group-is-layout-flow\">\n<div class=\"wp-block-columns is-layout-flex wp-container-core-columns-is-layout-1 wp-block-columns-is-layout-flex\">\n<div class=\"wp-block-column is-layout-flow wp-block-column-is-layout-flow\" style=\"flex-basis:100%\">\n<div class=\"wp-block-media-text alignwide is-stacked-on-mobile\" style=\"grid-template-columns:21% auto\"><figure class=\"wp-block-media-text__media\"><img decoding=\"async\" width=\"300\" height=\"759\" data-src=\"https:\/\/camping-daon.fr\/wp-content\/uploads\/2021\/10\/plan-chalet.jpg\" alt=\"\" class=\"wp-image-429 size-full lazyload\" data-srcset=\"http:\/\/camping-daon.fr\/wp-content\/uploads\/2021\/10\/plan-chalet.jpg 300w, http:\/\/camping-daon.fr\/wp-content\/uploads\/2021\/10\/plan-chalet-119x300.jpg 119w\" data-sizes=\"(max-width: 300px) 100vw, 300px\" src=\"data:image\/svg+xml;base64,PHN2ZyB3aWR0aD0iMSIgaGVpZ2h0PSIxIiB4bWxucz0iaHR0cDovL3d3dy53My5vcmcvMjAwMC9zdmciPjwvc3ZnPg==\" style=\"--smush-placeholder-width: 300px; --smush-placeholder-aspect-ratio: 300\/759;\" \/><\/figure><div class=\"wp-block-media-text__content\">\n<ul class=\"wp-block-list\">\n<li>Chalets ouverts \u00e0 la location toute l&#8217;ann\u00e9e <\/li>\n\n\n\n<li><em>Capacit\u00e9 :<\/em>&nbsp;de 4 \u00e0 6 personnes<\/li>\n\n\n\n<li>Surface habitable : 35 m\u00b2<\/li>\n\n\n\n<li><em>Rez-de-chauss\u00e9e :<\/em>\u00a0grand s\u00e9jour, coin cuisine (r\u00e9frig\u00e9rateur, plaques \u00e0 induction, micro ondes), convertible pour 2 personnes, TV,\u00a01 chambre avec 1 lit 2 pers (140 x 190), salle d\u2019eau, WC.<\/li>\n\n\n\n<li><em>A l\u2019\u00e9tage :<\/em>&nbsp;1 chambre avec 2 lits 1 pers (90 x 190)<\/li>\n\n\n\n<li>Terrasse couverte, table et chaises de jardin<\/li>\n\n\n\n<li>Chauffage \u00e9lectrique dans le chalet<\/li>\n\n\n\n<li>Couettes et oreillers fournis pour 6 pers \/ location de draps et de serviettes possible<\/li>\n\n\n\n<li>Wifi gratuit<\/li>\n<\/ul>\n\n\n\n<h3 class=\"wp-block-heading has-small-font-size\">Capacit\u00e9 :  de 4 \u00e0 6 personnes<\/h3>\n<\/div><\/div>\n<\/div>\n<\/div>\n<\/div><\/div>\n<\/div>\n<\/div>\n\n\n\n<div class=\"wp-block-buttons is-content-justification-center is-layout-flex wp-container-core-buttons-is-layout-1 wp-block-buttons-is-layout-flex\">\n<div class=\"wp-block-button has-custom-width wp-block-button__width-25\"><a class=\"wp-block-button__link wp-element-button\" href=\"http:\/\/camping-daon.fr\/index.php\/tarifs-des-chalets\/\"><strong>Les Tarifs<\/strong><\/a><\/div>\n<\/div>\n\n\n\n<div style=\"height:10px\" aria-hidden=\"true\" class=\"wp-block-spacer\"><\/div>\n\n\n\n<div class=\"wp-block-buttons is-content-justification-center is-layout-flex wp-container-core-buttons-is-layout-2 wp-block-buttons-is-layout-flex\">\n<div class=\"wp-block-button has-custom-width wp-block-button__width-25\"><a class=\"wp-block-button__link has-vivid-purple-background-color has-background wp-element-button\" href=\"https:\/\/naxiresa.inaxel.com\/etape1-criteres.php?compte=rivieres53\"><strong>R\u00e9servez<\/strong><\/a><\/div>\n<\/div>\n\n\n\n<div style=\"height:100px\" aria-hidden=\"true\" class=\"wp-block-spacer\"><\/div>\n\n\n\n<h2 class=\"wp-block-heading has-text-align-center\"><mark style=\"background-color:rgba(0, 0, 0, 0)\" class=\"has-inline-color has-vivid-purple-color\">O\u00f9 se trouvent nos chalets ?<\/mark><\/h2>\n\n\n\n<hr class=\"wp-block-separator has-alpha-channel-opacity\"\/>\n\n\n<div class=\"wp-block-image\">\n<figure class=\"aligncenter size-full is-resized\"><img decoding=\"async\" width=\"1719\" height=\"873\" data-src=\"https:\/\/camping-daon.fr\/wp-content\/uploads\/2021\/12\/plan-localisation-chalets-2022.jpg\" alt=\"emplacement des chalets\" class=\"wp-image-531 lazyload\" style=\"--smush-placeholder-width: 1719px; --smush-placeholder-aspect-ratio: 1719\/873;width:543px;height:275px\" data-srcset=\"http:\/\/camping-daon.fr\/wp-content\/uploads\/2021\/12\/plan-localisation-chalets-2022.jpg 1719w, http:\/\/camping-daon.fr\/wp-content\/uploads\/2021\/12\/plan-localisation-chalets-2022-300x152.jpg 300w, http:\/\/camping-daon.fr\/wp-content\/uploads\/2021\/12\/plan-localisation-chalets-2022-1024x520.jpg 1024w, http:\/\/camping-daon.fr\/wp-content\/uploads\/2021\/12\/plan-localisation-chalets-2022-768x390.jpg 768w, http:\/\/camping-daon.fr\/wp-content\/uploads\/2021\/12\/plan-localisation-chalets-2022-1536x780.jpg 1536w\" data-sizes=\"(max-width: 1719px) 100vw, 1719px\" src=\"data:image\/svg+xml;base64,PHN2ZyB3aWR0aD0iMSIgaGVpZ2h0PSIxIiB4bWxucz0iaHR0cDovL3d3dy53My5vcmcvMjAwMC9zdmciPjwvc3ZnPg==\" \/><figcaption class=\"wp-element-caption\"><em>Localisation des chalets<\/em><\/figcaption><\/figure><\/div>\n\n\n<div style=\"height:50px\" aria-hidden=\"true\" class=\"wp-block-spacer\"><\/div>\n\n\n\n<div style=\"height:50px\" aria-hidden=\"true\" class=\"wp-block-spacer\"><\/div>\n\n\n\n<hr class=\"wp-block-separator has-css-opacity\"\/>\n\n\n\n<h6 class=\"wp-block-heading has-text-align-center\">R\u00e9servez votre chalet en ligne via le lien ci-dessous. Vous pouvez \u00e9galement nous joindre via la page &#8220;<a href=\"https:\/\/camping-daon.fr\/index.php\/contact\/\" data-type=\"URL\" data-id=\"https:\/\/camping-daon.fr\/index.php\/contact\/\">Contact<\/a>&#8220;<\/h6>\n\n\n\n<div class=\"wp-block-buttons is-horizontal is-content-justification-center is-layout-flex wp-container-core-buttons-is-layout-3 wp-block-buttons-is-layout-flex\">\n<div class=\"wp-block-button has-custom-width wp-block-button__width-25 is-style-outline is-style-outline--2\"><a class=\"wp-block-button__link has-white-color has-vivid-purple-background-color has-text-color has-background wp-element-button\" href=\"https:\/\/naxiresa.inaxel.com\/etape1-criteres.php?compte=rivieres53\" target=\"_blank\" rel=\"noreferrer noopener\"><strong>R\u00c9SERVER<\/strong><\/a><\/div>\n<\/div>\n\n\n\n<p><\/p>\n","protected":false},"excerpt":{"rendered":"<p>10 Chalets tout \u00e9quip\u00e9s Capacit\u00e9 : de 4 \u00e0 6 personnes O\u00f9 se trouvent nos chalets ? R\u00e9servez votre chalet en ligne via le lien ci-dessous. Vous pouvez \u00e9galement nous joindre via la page &#8220;Contact&#8220;<\/p>\n","protected":false},"author":1,"featured_media":0,"parent":0,"menu_order":0,"comment_status":"closed","ping_status":"closed","template":"","meta":{"footnotes":""},"class_list":["post-20","page","type-page","status-publish","hentry","entry"],"yoast_head":"<!-- This site is optimized with the Yoast SEO plugin v26.8 - https:\/\/yoast.com\/product\/yoast-seo-wordpress\/ -->\n<title>Pr\u00e9sentation des chalets - Camping des Rivi\u00e8res de Daon<\/title>\n<meta name=\"robots\" content=\"index, follow, max-snippet:-1, max-image-preview:large, max-video-preview:-1\" \/>\n<link rel=\"canonical\" href=\"https:\/\/camping-daon.fr\/index.php\/presentation-des-chalets\/\" \/>\n<meta property=\"og:locale\" content=\"fr_FR\" \/>\n<meta property=\"og:type\" content=\"article\" \/>\n<meta property=\"og:title\" content=\"Pr\u00e9sentation des chalets - Camping des Rivi\u00e8res de Daon\" \/>\n<meta property=\"og:description\" content=\"10 Chalets tout \u00e9quip\u00e9s Capacit\u00e9 : de 4 \u00e0 6 personnes O\u00f9 se trouvent nos chalets ? R\u00e9servez votre chalet en ligne via le lien ci-dessous. Vous pouvez \u00e9galement nous joindre via la page &#8220;Contact&#8220;\" \/>\n<meta property=\"og:url\" content=\"https:\/\/camping-daon.fr\/index.php\/presentation-des-chalets\/\" \/>\n<meta property=\"og:site_name\" content=\"Camping des Rivi\u00e8res de Daon\" \/>\n<meta property=\"article:publisher\" content=\"https:\/\/www.facebook.com\/Camping-des-Rivires-Daon--114946232015582\" \/>\n<meta property=\"article:modified_time\" content=\"2025-12-06T14:29:38+00:00\" \/>\n<meta property=\"og:image\" content=\"http:\/\/camping-daon.fr\/wp-content\/uploads\/2021\/10\/camping-du-parc-france-weekend.jpg\" \/>\n<meta name=\"twitter:card\" content=\"summary_large_image\" \/>\n<meta name=\"twitter:label1\" content=\"Dur\u00e9e de lecture estim\u00e9e\" \/>\n\t<meta name=\"twitter:data1\" content=\"2 minutes\" \/>\n<script type=\"application\/ld+json\" class=\"yoast-schema-graph\">{\"@context\":\"https:\/\/schema.org\",\"@graph\":[{\"@type\":\"WebPage\",\"@id\":\"https:\/\/camping-daon.fr\/index.php\/presentation-des-chalets\/\",\"url\":\"https:\/\/camping-daon.fr\/index.php\/presentation-des-chalets\/\",\"name\":\"Pr\u00e9sentation des chalets - Camping des Rivi\u00e8res de Daon\",\"isPartOf\":{\"@id\":\"https:\/\/camping-daon.fr\/#website\"},\"primaryImageOfPage\":{\"@id\":\"https:\/\/camping-daon.fr\/index.php\/presentation-des-chalets\/#primaryimage\"},\"image\":{\"@id\":\"https:\/\/camping-daon.fr\/index.php\/presentation-des-chalets\/#primaryimage\"},\"thumbnailUrl\":\"http:\/\/camping-daon.fr\/wp-content\/uploads\/2021\/10\/camping-du-parc-france-weekend.jpg\",\"datePublished\":\"2021-06-29T11:52:31+00:00\",\"dateModified\":\"2025-12-06T14:29:38+00:00\",\"breadcrumb\":{\"@id\":\"https:\/\/camping-daon.fr\/index.php\/presentation-des-chalets\/#breadcrumb\"},\"inLanguage\":\"fr-FR\",\"potentialAction\":[{\"@type\":\"ReadAction\",\"target\":[\"https:\/\/camping-daon.fr\/index.php\/presentation-des-chalets\/\"]}]},{\"@type\":\"ImageObject\",\"inLanguage\":\"fr-FR\",\"@id\":\"https:\/\/camping-daon.fr\/index.php\/presentation-des-chalets\/#primaryimage\",\"url\":\"http:\/\/camping-daon.fr\/wp-content\/uploads\/2021\/10\/camping-du-parc-france-weekend.jpg\",\"contentUrl\":\"http:\/\/camping-daon.fr\/wp-content\/uploads\/2021\/10\/camping-du-parc-france-weekend.jpg\",\"width\":1000,\"height\":665},{\"@type\":\"BreadcrumbList\",\"@id\":\"https:\/\/camping-daon.fr\/index.php\/presentation-des-chalets\/#breadcrumb\",\"itemListElement\":[{\"@type\":\"ListItem\",\"position\":1,\"name\":\"Accueil\",\"item\":\"https:\/\/camping-daon.fr\/\"},{\"@type\":\"ListItem\",\"position\":2,\"name\":\"Pr\u00e9sentation des chalets\"}]},{\"@type\":\"WebSite\",\"@id\":\"https:\/\/camping-daon.fr\/#website\",\"url\":\"https:\/\/camping-daon.fr\/\",\"name\":\"Camping des Rivi\u00e8res de Daon\",\"description\":\"Bienvenue au Camping des Rivi\u00e8res\",\"publisher\":{\"@id\":\"https:\/\/camping-daon.fr\/#organization\"},\"potentialAction\":[{\"@type\":\"SearchAction\",\"target\":{\"@type\":\"EntryPoint\",\"urlTemplate\":\"https:\/\/camping-daon.fr\/?s={search_term_string}\"},\"query-input\":{\"@type\":\"PropertyValueSpecification\",\"valueRequired\":true,\"valueName\":\"search_term_string\"}}],\"inLanguage\":\"fr-FR\"},{\"@type\":\"Organization\",\"@id\":\"https:\/\/camping-daon.fr\/#organization\",\"name\":\"Communaut\u00e9 de Communes du Pays de Ch\u00e2teau-Gontier\",\"url\":\"https:\/\/camping-daon.fr\/\",\"logo\":{\"@type\":\"ImageObject\",\"inLanguage\":\"fr-FR\",\"@id\":\"https:\/\/camping-daon.fr\/#\/schema\/logo\/image\/\",\"url\":\"https:\/\/camping-daon.fr\/wp-content\/uploads\/2021\/06\/cropped-cropped-logo02.jpg\",\"contentUrl\":\"https:\/\/camping-daon.fr\/wp-content\/uploads\/2021\/06\/cropped-cropped-logo02.jpg\",\"width\":512,\"height\":512,\"caption\":\"Communaut\u00e9 de Communes du Pays de Ch\u00e2teau-Gontier\"},\"image\":{\"@id\":\"https:\/\/camping-daon.fr\/#\/schema\/logo\/image\/\"},\"sameAs\":[\"https:\/\/www.facebook.com\/Camping-des-Rivires-Daon--114946232015582\"]}]}<\/script>\n<!-- \/ Yoast SEO plugin. -->","yoast_head_json":{"title":"Pr\u00e9sentation des chalets - Camping des Rivi\u00e8res de Daon","robots":{"index":"index","follow":"follow","max-snippet":"max-snippet:-1","max-image-preview":"max-image-preview:large","max-video-preview":"max-video-preview:-1"},"canonical":"https:\/\/camping-daon.fr\/index.php\/presentation-des-chalets\/","og_locale":"fr_FR","og_type":"article","og_title":"Pr\u00e9sentation des chalets - Camping des Rivi\u00e8res de Daon","og_description":"10 Chalets tout \u00e9quip\u00e9s Capacit\u00e9 : de 4 \u00e0 6 personnes O\u00f9 se trouvent nos chalets ? R\u00e9servez votre chalet en ligne via le lien ci-dessous. Vous pouvez \u00e9galement nous joindre via la page &#8220;Contact&#8220;","og_url":"https:\/\/camping-daon.fr\/index.php\/presentation-des-chalets\/","og_site_name":"Camping des Rivi\u00e8res de Daon","article_publisher":"https:\/\/www.facebook.com\/Camping-des-Rivires-Daon--114946232015582","article_modified_time":"2025-12-06T14:29:38+00:00","og_image":[{"url":"http:\/\/camping-daon.fr\/wp-content\/uploads\/2021\/10\/camping-du-parc-france-weekend.jpg","type":"","width":"","height":""}],"twitter_card":"summary_large_image","twitter_misc":{"Dur\u00e9e de lecture estim\u00e9e":"2 minutes"},"schema":{"@context":"https:\/\/schema.org","@graph":[{"@type":"WebPage","@id":"https:\/\/camping-daon.fr\/index.php\/presentation-des-chalets\/","url":"https:\/\/camping-daon.fr\/index.php\/presentation-des-chalets\/","name":"Pr\u00e9sentation des chalets - Camping des Rivi\u00e8res de Daon","isPartOf":{"@id":"https:\/\/camping-daon.fr\/#website"},"primaryImageOfPage":{"@id":"https:\/\/camping-daon.fr\/index.php\/presentation-des-chalets\/#primaryimage"},"image":{"@id":"https:\/\/camping-daon.fr\/index.php\/presentation-des-chalets\/#primaryimage"},"thumbnailUrl":"http:\/\/camping-daon.fr\/wp-content\/uploads\/2021\/10\/camping-du-parc-france-weekend.jpg","datePublished":"2021-06-29T11:52:31+00:00","dateModified":"2025-12-06T14:29:38+00:00","breadcrumb":{"@id":"https:\/\/camping-daon.fr\/index.php\/presentation-des-chalets\/#breadcrumb"},"inLanguage":"fr-FR","potentialAction":[{"@type":"ReadAction","target":["https:\/\/camping-daon.fr\/index.php\/presentation-des-chalets\/"]}]},{"@type":"ImageObject","inLanguage":"fr-FR","@id":"https:\/\/camping-daon.fr\/index.php\/presentation-des-chalets\/#primaryimage","url":"http:\/\/camping-daon.fr\/wp-content\/uploads\/2021\/10\/camping-du-parc-france-weekend.jpg","contentUrl":"http:\/\/camping-daon.fr\/wp-content\/uploads\/2021\/10\/camping-du-parc-france-weekend.jpg","width":1000,"height":665},{"@type":"BreadcrumbList","@id":"https:\/\/camping-daon.fr\/index.php\/presentation-des-chalets\/#breadcrumb","itemListElement":[{"@type":"ListItem","position":1,"name":"Accueil","item":"https:\/\/camping-daon.fr\/"},{"@type":"ListItem","position":2,"name":"Pr\u00e9sentation des chalets"}]},{"@type":"WebSite","@id":"https:\/\/camping-daon.fr\/#website","url":"https:\/\/camping-daon.fr\/","name":"Camping des Rivi\u00e8res de Daon","description":"Bienvenue au Camping des Rivi\u00e8res","publisher":{"@id":"https:\/\/camping-daon.fr\/#organization"},"potentialAction":[{"@type":"SearchAction","target":{"@type":"EntryPoint","urlTemplate":"https:\/\/camping-daon.fr\/?s={search_term_string}"},"query-input":{"@type":"PropertyValueSpecification","valueRequired":true,"valueName":"search_term_string"}}],"inLanguage":"fr-FR"},{"@type":"Organization","@id":"https:\/\/camping-daon.fr\/#organization","name":"Communaut\u00e9 de Communes du Pays de Ch\u00e2teau-Gontier","url":"https:\/\/camping-daon.fr\/","logo":{"@type":"ImageObject","inLanguage":"fr-FR","@id":"https:\/\/camping-daon.fr\/#\/schema\/logo\/image\/","url":"https:\/\/camping-daon.fr\/wp-content\/uploads\/2021\/06\/cropped-cropped-logo02.jpg","contentUrl":"https:\/\/camping-daon.fr\/wp-content\/uploads\/2021\/06\/cropped-cropped-logo02.jpg","width":512,"height":512,"caption":"Communaut\u00e9 de Communes du Pays de Ch\u00e2teau-Gontier"},"image":{"@id":"https:\/\/camping-daon.fr\/#\/schema\/logo\/image\/"},"sameAs":["https:\/\/www.facebook.com\/Camping-des-Rivires-Daon--114946232015582"]}]}},"_links":{"self":[{"href":"http:\/\/camping-daon.fr\/index.php\/wp-json\/wp\/v2\/pages\/20","targetHints":{"allow":["GET"]}}],"collection":[{"href":"http:\/\/camping-daon.fr\/index.php\/wp-json\/wp\/v2\/pages"}],"about":[{"href":"http:\/\/camping-daon.fr\/index.php\/wp-json\/wp\/v2\/types\/page"}],"author":[{"embeddable":true,"href":"http:\/\/camping-daon.fr\/index.php\/wp-json\/wp\/v2\/users\/1"}],"replies":[{"embeddable":true,"href":"http:\/\/camping-daon.fr\/index.php\/wp-json\/wp\/v2\/comments?post=20"}],"version-history":[{"count":18,"href":"http:\/\/camping-daon.fr\/index.php\/wp-json\/wp\/v2\/pages\/20\/revisions"}],"predecessor-version":[{"id":887,"href":"http:\/\/camping-daon.fr\/index.php\/wp-json\/wp\/v2\/pages\/20\/revisions\/887"}],"wp:attachment":[{"href":"http:\/\/camping-daon.fr\/index.php\/wp-json\/wp\/v2\/media?parent=20"}],"curies":[{"name":"wp","href":"https:\/\/api.w.org\/{rel}","templated":true}]}}